{"id":5953,"date":"2026-04-08T15:54:03","date_gmt":"2026-04-08T13:54:03","guid":{"rendered":"https:\/\/www.isc-vdb.fr\/?post_type=tribe_events&#038;p=5953"},"modified":"2026-04-08T15:54:03","modified_gmt":"2026-04-08T13:54:03","slug":"informations-fin-des-cours","status":"publish","type":"tribe_events","link":"https:\/\/www.isc-vdb.fr\/index.php\/event\/informations-fin-des-cours\/","title":{"rendered":"Informations &#8211; Fin des cours"},"content":{"rendered":"<div>Madame, Monsieur,<\/div>\n<div><\/div>\n<div>Comme vous le savez, notre \u00e9tablissement regroupe un coll\u00e8ge et un lyc\u00e9e. Une part importante de nos enseignants intervient sur ces deux unit\u00e9s p\u00e9dagogiques. \u00c0 ce titre, ils seront mobilis\u00e9s dans les prochaines semaines pour l\u2019organisation, la surveillance et la correction des \u00e9preuves du baccalaur\u00e9at et du DNB.<\/div>\n<div><\/div>\n<div>En cons\u00e9quence, les cours au coll\u00e8ge ne pourront plus \u00eatre assur\u00e9s \u00e0 compter\u00a0:<\/div>\n<div><\/div>\n<div>\u00a0\u00a0\u00a0\u00a0\u00a0\u00a0\u00a0\u00a0\u00a0\u00a0\u00a0\u00a0\u00a0\u00a0\u00a0\u00a0\u00a0\u00a0\u00a0\u00a0\u00a0\u00a0\u00a0\u00a0\u00a0\u00a0\u00a0\u00a0\u00a0\u00a0\u00a0\u00a0\u00a0\u00a0\u00a0\u00a0\u00a0\u00a0\u00a0\u00a0\u00a0\u00a0\u00a0\u00a0\u00a0\u00a0\u00a0\u00a0\u00a0\u00a0\u00a0\u00a0\u00a0\u00a0\u00a0\u00a0 &#8211;<strong>du mercredi 17 juin inclus pour les 6\u00e8mes\u00a0et les 3\u00e8mes\u00a0;<\/strong><\/div>\n<div><strong>\u00a0\u00a0\u00a0\u00a0\u00a0\u00a0\u00a0\u00a0\u00a0\u00a0\u00a0\u00a0\u00a0\u00a0\u00a0\u00a0\u00a0\u00a0\u00a0\u00a0\u00a0\u00a0\u00a0\u00a0\u00a0\u00a0\u00a0\u00a0\u00a0\u00a0\u00a0\u00a0\u00a0\u00a0\u00a0\u00a0\u00a0\u00a0\u00a0\u00a0\u00a0\u00a0\u00a0\u00a0\u00a0\u00a0\u00a0\u00a0\u00a0\u00a0\u00a0\u00a0\u00a0\u00a0\u00a0\u00a0 -du jeudi 18 juin inclus pour les 4\u00e8mes\u00a0;<\/strong><\/div>\n<div><strong>\u00a0\u00a0\u00a0\u00a0\u00a0\u00a0\u00a0\u00a0\u00a0\u00a0\u00a0\u00a0\u00a0\u00a0\u00a0\u00a0\u00a0\u00a0\u00a0\u00a0\u00a0\u00a0\u00a0\u00a0\u00a0\u00a0\u00a0\u00a0\u00a0\u00a0\u00a0\u00a0\u00a0\u00a0\u00a0\u00a0\u00a0\u00a0\u00a0\u00a0\u00a0\u00a0\u00a0\u00a0\u00a0\u00a0\u00a0\u00a0\u00a0\u00a0\u00a0\u00a0\u00a0\u00a0\u00a0\u00a0 -du vendredi 19 juin inclus pour les 5\u00e8me<\/strong>s.<\/div>\n<div><\/div>\n<div>Cependant, soucieux d\u2019accompagner les familles jusqu\u2019au terme officiel de l\u2019ann\u00e9e scolaire, nous maintiendrons un accueil des \u00e9l\u00e8ves du lundi 22 juin au mercredi 24 juin inclus puis du mercredi 1er\u00a0juillet au vendredi 3 juillet inclus, date fix\u00e9e par le minist\u00e8re pour la fin des cours au coll\u00e8ge.<\/div>\n<div><\/div>\n<div>Durant cette p\u00e9riode, les transports scolaires ainsi que le service de restauration resteront assur\u00e9s. Toutefois, nous attirons votre attention sur le fait qu\u2019aucun enseignement ne pourra \u00eatre dispens\u00e9. Les \u00e9l\u00e8ves pr\u00e9sents seront pris en charge par l\u2019\u00e9quipe \u00e9ducative uniquement dans un cadre de surveillance.<\/div>\n<div>Les \u00e9l\u00e8ves de 6\u00e8me, 5\u00e8me\u00a0et 4\u00e8me, resteront chez eux du 25 au 30 juin pour la mise en place et la passation des \u00e9preuves du DNB.<\/div>\n<div><\/div>\n<div>Afin d\u2019organiser au mieux cette garderie dans un esprit de responsabilit\u00e9 et de service, nous vous remercions de bien vouloir nous indiquer si vous souhaitez que votre enfant en b\u00e9n\u00e9ficie, en r\u00e9pondant au questionnaire accessible d\u00e8s \u00e0 pr\u00e9sent sur votre page d\u2019accueil sur EcoleDirecte.<\/div>\n<div>Ce questionnaire sera ouvert jusqu\u2019au lundi 4 mai inclus.<\/div>\n<div><\/div>\n<div>Nous vous remercions pour votre compr\u00e9hension et votre confiance, et restons \u00e0 votre \u00e9coute pour toute pr\u00e9cision.<\/div>\n<div><\/div>\n<div>Le Directeur du coll\u00e8ge.<\/div>\n","protected":false},"excerpt":{"rendered":"<p>Madame, Monsieur, Comme vous le savez, notre \u00e9tablissement regroupe un coll\u00e8ge et un lyc\u00e9e. Une part importante de nos enseignants intervient sur ces deux unit\u00e9s p\u00e9dagogiques. \u00c0 ce titre, ils seront mobilis\u00e9s dans les prochaines semaines pour l\u2019organisation, la surveillance et la correction des \u00e9preuves du baccalaur\u00e9at et du DNB. En cons\u00e9quence, les cours au coll\u00e8ge ne pourront plus \u00eatre assur\u00e9s \u00e0 compter\u00a0: \u00a0\u00a0\u00a0\u00a0\u00a0\u00a0\u00a0\u00a0\u00a0\u00a0\u00a0\u00a0\u00a0\u00a0\u00a0\u00a0\u00a0\u00a0\u00a0\u00a0\u00a0\u00a0\u00a0\u00a0\u00a0\u00a0\u00a0\u00a0\u00a0\u00a0\u00a0\u00a0\u00a0\u00a0\u00a0\u00a0\u00a0\u00a0\u00a0\u00a0\u00a0\u00a0\u00a0\u00a0\u00a0\u00a0\u00a0\u00a0\u00a0\u00a0\u00a0\u00a0\u00a0\u00a0\u00a0\u00a0 &#8211;du mercredi 17 juin inclus pour les 6\u00e8mes\u00a0et les 3\u00e8mes\u00a0; \u00a0\u00a0\u00a0\u00a0\u00a0\u00a0\u00a0\u00a0\u00a0\u00a0\u00a0\u00a0\u00a0\u00a0\u00a0\u00a0\u00a0\u00a0\u00a0\u00a0\u00a0\u00a0\u00a0\u00a0\u00a0\u00a0\u00a0\u00a0\u00a0\u00a0\u00a0\u00a0\u00a0\u00a0\u00a0\u00a0\u00a0\u00a0\u00a0\u00a0\u00a0\u00a0\u00a0\u00a0\u00a0\u00a0\u00a0\u00a0\u00a0\u00a0\u00a0\u00a0\u00a0\u00a0\u00a0\u00a0 -du jeudi 18 juin inclus pour les 4\u00e8mes\u00a0; \u00a0\u00a0\u00a0\u00a0\u00a0\u00a0\u00a0\u00a0\u00a0\u00a0\u00a0\u00a0\u00a0\u00a0\u00a0\u00a0\u00a0\u00a0\u00a0\u00a0\u00a0\u00a0\u00a0\u00a0\u00a0\u00a0\u00a0\u00a0\u00a0\u00a0\u00a0\u00a0\u00a0\u00a0\u00a0\u00a0\u00a0\u00a0\u00a0\u00a0\u00a0\u00a0\u00a0\u00a0\u00a0\u00a0\u00a0\u00a0\u00a0\u00a0\u00a0\u00a0\u00a0\u00a0\u00a0\u00a0 -du vendredi 19 juin inclus pour les 5\u00e8mes. Cependant, soucieux d\u2019accompagner les familles jusqu\u2019au terme officiel de <a href=\"https:\/\/www.isc-vdb.fr\/index.php\/event\/informations-fin-des-cours\/\"> [&#8230;]<\/a><\/p>\n","protected":false},"author":10,"featured_media":5956,"template":"","meta":{"_tribe_events_status":"","_tribe_events_status_reason":"","footnotes":""},"tags":[],"tribe_events_cat":[28],"class_list":["post-5953","tribe_events","type-tribe_events","status-publish","has-post-thumbnail","hentry","tribe_events_cat-evenements","cat_evenements"],"_links":{"self":[{"href":"https:\/\/www.isc-vdb.fr\/index.php\/wp-json\/wp\/v2\/tribe_events\/5953","targetHints":{"allow":["GET"]}}],"collection":[{"href":"https:\/\/www.isc-vdb.fr\/index.php\/wp-json\/wp\/v2\/tribe_events"}],"about":[{"href":"https:\/\/www.isc-vdb.fr\/index.php\/wp-json\/wp\/v2\/types\/tribe_events"}],"author":[{"embeddable":true,"href":"https:\/\/www.isc-vdb.fr\/index.php\/wp-json\/wp\/v2\/users\/10"}],"version-history":[{"count":3,"href":"https:\/\/www.isc-vdb.fr\/index.php\/wp-json\/wp\/v2\/tribe_events\/5953\/revisions"}],"predecessor-version":[{"id":5957,"href":"https:\/\/www.isc-vdb.fr\/index.php\/wp-json\/wp\/v2\/tribe_events\/5953\/revisions\/5957"}],"wp:featuredmedia":[{"embeddable":true,"href":"https:\/\/www.isc-vdb.fr\/index.php\/wp-json\/wp\/v2\/media\/5956"}],"wp:attachment":[{"href":"https:\/\/www.isc-vdb.fr\/index.php\/wp-json\/wp\/v2\/media?parent=5953"}],"wp:term":[{"taxonomy":"post_tag","embeddable":true,"href":"https:\/\/www.isc-vdb.fr\/index.php\/wp-json\/wp\/v2\/tags?post=5953"},{"taxonomy":"tribe_events_cat","embeddable":true,"href":"https:\/\/www.isc-vdb.fr\/index.php\/wp-json\/wp\/v2\/tribe_events_cat?post=5953"}],"curies":[{"name":"wp","href":"https:\/\/api.w.org\/{rel}","templated":true}]}}